{"id":1149,"date":"2023-04-11T17:33:49","date_gmt":"2023-04-11T15:33:49","guid":{"rendered":"http:\/\/osoindk.cluster029.hosting.ovh.net\/ftp.cluster029.hosting.ovh.net\/?page_id=1149"},"modified":"2025-10-15T16:54:16","modified_gmt":"2025-10-15T14:54:16","slug":"massages","status":"publish","type":"page","link":"https:\/\/osoindesoi.com\/index.php\/massages\/","title":{"rendered":"MASSAGES"},"content":{"rendered":"\n<p class=\"has-text-align-center\">Tous les massages d\u00e9buteront par un \u00e9change afin de personnaliser au mieux le soin . Vous serez ensuite install\u00e9(e) sur une table chauff\u00e9e accompagn\u00e9e d&rsquo;une musique douce . Les huiles sont chauff\u00e9es pour plus de confort et sont naturelles pour convenir au plus grand nombre. Un temps de repos apr\u00e8s  la s\u00e9ance vous permettra de reprendre tranquillement vos esprits.<\/p>\n\n\n<div class=\"wp-block-image\">\n<figure class=\"aligncenter size-large is-resized\"><img loading=\"lazy\" decoding=\"async\" width=\"1024\" height=\"726\" src=\"https:\/\/osoindesoi.com\/wp-content\/uploads\/2023\/06\/Design-sans-titre-1024x726.png\" alt=\"\" class=\"wp-image-1223\" style=\"width:840px;height:596px\" srcset=\"https:\/\/osoindesoi.com\/wp-content\/uploads\/2023\/06\/Design-sans-titre-1024x726.png 1024w, https:\/\/osoindesoi.com\/wp-content\/uploads\/2023\/06\/Design-sans-titre-300x213.png 300w, https:\/\/osoindesoi.com\/wp-content\/uploads\/2023\/06\/Design-sans-titre-768x545.png 768w, https:\/\/osoindesoi.com\/wp-content\/uploads\/2023\/06\/Design-sans-titre-1536x1090.png 1536w, https:\/\/osoindesoi.com\/wp-content\/uploads\/2023\/06\/Design-sans-titre-85x60.png 85w, https:\/\/osoindesoi.com\/wp-content\/uploads\/2023\/06\/Design-sans-titre.png 1748w\" sizes=\"auto, (max-width: 1024px) 100vw, 1024px\" \/><\/figure><\/div>\n\n\n<p><\/p>\n\n\n\n<p>Les tarifs indiqu\u00e9s sont pour le salon \u00e0 Fervaques ; pour le domicile des frais kilom\u00e9triques seront appliqu\u00e9s , n&rsquo;h\u00e9sitez pas \u00e0 me consulter .<\/p>\n\n\n\n<p class=\"has-text-align-center\"><mark style=\"background-color:rgba(0, 0, 0, 0)\" class=\"has-inline-color has-light-green-cyan-color\">MASSAGE DES 5 CONTINENTS<\/mark><\/p>\n\n\n\n<p class=\"has-text-align-center\">1h15 70\u20ac<\/p>\n\n\n\n<p>Massage regroupant diff\u00e9rentes m\u00e9thodes de massages du monde ( lomi lomi, californien , su\u00e9dois, ayurv\u00e9dique, tuina ) ,  associ\u00e9 au Reiki et coupl\u00e9 \u00e0 une pr\u00e9paration sp\u00e9cifique d&rsquo;huiles v\u00e9g\u00e9tales et essentielles.  Il est compos\u00e9 de 2 phases  , la premi\u00e8re dite de d\u00e9toxification permettra au corps d&rsquo;\u00e9liminer    tout ce qui encombre le corps que ce soit au niveau physique , mental et \u00e9motionnel . La deuxi\u00e8me partie dite de revitalisation permettra au corps de retrouver son \u00e9nergie , une unification . Les m\u00e9langes d&rsquo;huiles v\u00e9g\u00e9tales et essentielles permettront d&rsquo;agir en profondeur pendant et apr\u00e8s le soin . Ce massage est un vrai voyage &#8230;..<\/p>\n\n\n\n<p><\/p>\n\n\n\n<p class=\"has-text-align-center has-black-color has-text-color\"><strong><mark style=\"background-color:#ffffff\" class=\"has-inline-color has-light-green-cyan-color\">CALIFORNIEN :<\/mark><\/strong><\/p>\n\n\n\n<p class=\"has-text-align-center has-black-color has-text-color\"> Massage tr\u00e8s enveloppant et cocooning ,parfait pour un premier massage <\/p>\n\n\n<div class=\"wp-block-image\">\n<figure class=\"aligncenter size-full is-resized\"><img loading=\"lazy\" decoding=\"async\" width=\"940\" height=\"788\" src=\"https:\/\/osoindesoi.com\/wp-content\/uploads\/2023\/06\/Sans-titre-7.png\" alt=\"\" class=\"wp-image-1250\" style=\"width:450px;height:377px\" srcset=\"https:\/\/osoindesoi.com\/wp-content\/uploads\/2023\/06\/Sans-titre-7.png 940w, https:\/\/osoindesoi.com\/wp-content\/uploads\/2023\/06\/Sans-titre-7-300x251.png 300w, https:\/\/osoindesoi.com\/wp-content\/uploads\/2023\/06\/Sans-titre-7-768x644.png 768w, https:\/\/osoindesoi.com\/wp-content\/uploads\/2023\/06\/Sans-titre-7-72x60.png 72w\" sizes=\"auto, (max-width: 940px) 100vw, 940px\" \/><\/figure><\/div>\n\n\n<p class=\"has-text-align-center has-black-color has-text-color\">1h 50\u20ac \/ 1h15 60\u20ac \/1h30 70\u20ac \/ 2h 90\u20ac<\/p>\n\n\n\n<hr class=\"wp-block-separator aligncenter has-alpha-channel-opacity\"\/>\n\n\n\n<p class=\"has-text-align-center\"><mark style=\"background-color:#ffffff\" class=\"has-inline-color has-light-green-cyan-color\"><strong>AYURVEDIQUE<\/strong> <strong>ABHYANGA<\/strong>:<\/mark><\/p>\n\n\n\n<p class=\"has-text-align-center\"> Massage apportant une profonde relaxation, une lib\u00e9ration des tensions. il permettra un assouplissement des articulations, une meilleure circulation sanguine . L&rsquo;essayer c&rsquo;est l&rsquo;adopter.<\/p>\n\n\n\n<p class=\"has-text-align-center\">1h 50\u20ac \/ 1h15 60\u20ac \/ 1h30 70\u20ac \/ 2h 90\u20ac<\/p>\n\n\n\n<figure class=\"wp-block-gallery has-nested-images columns-default is-cropped wp-block-gallery-1 is-layout-flex wp-block-gallery-is-layout-flex\">\n<figure class=\"wp-block-image size-large\"><img loading=\"lazy\" decoding=\"async\" width=\"940\" height=\"788\" data-id=\"1361\" src=\"https:\/\/osoindesoi.com\/wp-content\/uploads\/2023\/09\/Design-sans-titre-4.png\" alt=\"\" class=\"wp-image-1361\" srcset=\"https:\/\/osoindesoi.com\/wp-content\/uploads\/2023\/09\/Design-sans-titre-4.png 940w, https:\/\/osoindesoi.com\/wp-content\/uploads\/2023\/09\/Design-sans-titre-4-300x251.png 300w, https:\/\/osoindesoi.com\/wp-content\/uploads\/2023\/09\/Design-sans-titre-4-768x644.png 768w, https:\/\/osoindesoi.com\/wp-content\/uploads\/2023\/09\/Design-sans-titre-4-72x60.png 72w\" sizes=\"auto, (max-width: 940px) 100vw, 940px\" \/><\/figure>\n<\/figure>\n\n\n\n<hr class=\"wp-block-separator has-alpha-channel-opacity\"\/>\n\n\n\n<p><\/p>\n\n\n\n<p class=\"has-text-align-center\">   <mark style=\"background-color:rgba(0, 0, 0, 0)\" class=\"has-inline-color has-light-green-cyan-color\"> <strong>PAGATCHAMPI :<\/strong><\/mark><\/p>\n\n\n\n<p class=\"has-text-align-center\"> Massage des jambes , permet une meilleure circulation , att\u00e9nue la sensation de jambes lourdes , action drainante . Parfait ponctuellement pour l&rsquo;\u00e9t\u00e9 ou en cures pour les personnes avec des soucis circulatoires.                                                   <\/p>\n\n\n\n<p class=\"has-text-align-center\">1h 50\u20ac <\/p>\n\n\n<div class=\"wp-block-image\">\n<figure class=\"aligncenter size-full is-resized\"><img loading=\"lazy\" decoding=\"async\" width=\"940\" height=\"788\" src=\"https:\/\/osoindesoi.com\/wp-content\/uploads\/2023\/06\/png-jambes.png\" alt=\"\" class=\"wp-image-1261\" style=\"width:422px;height:354px\" srcset=\"https:\/\/osoindesoi.com\/wp-content\/uploads\/2023\/06\/png-jambes.png 940w, https:\/\/osoindesoi.com\/wp-content\/uploads\/2023\/06\/png-jambes-300x251.png 300w, https:\/\/osoindesoi.com\/wp-content\/uploads\/2023\/06\/png-jambes-768x644.png 768w, https:\/\/osoindesoi.com\/wp-content\/uploads\/2023\/06\/png-jambes-72x60.png 72w\" sizes=\"auto, (max-width: 940px) 100vw, 940px\" \/><\/figure><\/div>\n\n\n<hr class=\"wp-block-separator has-alpha-channel-opacity\"\/>\n\n\n\n<p><\/p>\n\n\n\n<p class=\"has-text-align-center\">              <strong><mark style=\"background-color:rgba(0, 0, 0, 0)\" class=\"has-inline-color has-light-green-cyan-color\">PIERRES CHAUDES: <\/mark>  <\/strong>   <\/p>\n\n\n\n<p class=\"has-text-align-center\">Massage aux pierres de basaltes chauff\u00e9es au bain marie. Il procure l\u00e2cher prise , d\u00e9noue les tensions musculaires . Massage cocooning pour la saison hivernale ou les personnes qui aiment la chaleur .   <\/p>\n\n\n\n<p class=\"has-text-align-center\">1h 50\u20ac \/ 1h15 60\u20ac \/ 1h30 70\u20ac \/ 2h 90\u20ac<\/p>\n\n\n\n\n\n<hr class=\"wp-block-separator has-alpha-channel-opacity\"\/>\n\n\n\n<p><\/p>\n\n\n\n<p><\/p>\n\n\n\n<p class=\"has-text-align-center\"><strong><mark style=\"background-color:rgba(0, 0, 0, 0)\" class=\"has-inline-color has-light-green-cyan-color\">MASSAGE FEMME ENCEINTE<\/mark><\/strong><\/p>\n\n\n\n<p>Massage se pratiquant \u00e0 partir du 4\u00e8me mois , allong\u00e9e sur le cot\u00e9 et le dos , il permettra de d\u00e9nouer les tensions aux niveau du dos, d&rsquo;all\u00e9ger la circulation au niveau des jambes . Soin d\u00e9di\u00e9 aux futures mamans.<\/p>\n\n\n\n<p class=\"has-text-align-center\">1h 50\u20ac\/ 1h15 60\u20ac \/ 1h30 70\u20ac \/ 2h 90\u20ac<\/p>\n\n\n<div class=\"wp-block-image\">\n<figure class=\"aligncenter size-full is-resized\"><img loading=\"lazy\" decoding=\"async\" width=\"940\" height=\"788\" src=\"https:\/\/osoindesoi.com\/wp-content\/uploads\/2023\/06\/Sans-titre-10.png\" alt=\"\" class=\"wp-image-1247\" style=\"width:392px;height:329px\" srcset=\"https:\/\/osoindesoi.com\/wp-content\/uploads\/2023\/06\/Sans-titre-10.png 940w, https:\/\/osoindesoi.com\/wp-content\/uploads\/2023\/06\/Sans-titre-10-300x251.png 300w, https:\/\/osoindesoi.com\/wp-content\/uploads\/2023\/06\/Sans-titre-10-768x644.png 768w, https:\/\/osoindesoi.com\/wp-content\/uploads\/2023\/06\/Sans-titre-10-72x60.png 72w\" sizes=\"auto, (max-width: 940px) 100vw, 940px\" \/><\/figure><\/div>\n\n\n<hr class=\"wp-block-separator has-alpha-channel-opacity\"\/>\n\n\n\n<p><\/p>\n\n\n\n<p><\/p>\n\n\n\n<p class=\"has-text-align-center\"><strong><mark style=\"background-color:rgba(0, 0, 0, 0)\" class=\"has-inline-color has-light-green-cyan-color\">M<\/mark><\/strong><mark style=\"background-color:rgba(0, 0, 0, 0)\" class=\"has-inline-color has-light-green-cyan-color\">ASSAGE AUX POCHAUDS CHAUDS<\/mark><\/p>\n\n\n\n<p>Massage avec des pochons aux \u00e9pices chauff\u00e9s \u00e0 la vapeur  , permet de d\u00e9nouer les tensions , favorise la circulation sanguine et lymphatique , acc\u00e9l\u00e8re l&rsquo;\u00e9limination des toxines . Id\u00e9al pour les personnes stress\u00e9es et fatigu\u00e9es.<\/p>\n\n\n\n<p class=\"has-text-align-center\">1h 50\u20ac\/ 1h15 60\u20ac \/ 1h30 70\u20ac \/ 2h 90\u20ac<\/p>\n\n\n<div class=\"wp-block-image\">\n<figure class=\"aligncenter size-full is-resized\"><img loading=\"lazy\" decoding=\"async\" width=\"940\" height=\"788\" src=\"https:\/\/osoindesoi.com\/wp-content\/uploads\/2023\/06\/image-pochons-.png\" alt=\"\" class=\"wp-image-1211\" style=\"width:402px;height:337px\" srcset=\"https:\/\/osoindesoi.com\/wp-content\/uploads\/2023\/06\/image-pochons-.png 940w, https:\/\/osoindesoi.com\/wp-content\/uploads\/2023\/06\/image-pochons--300x251.png 300w, https:\/\/osoindesoi.com\/wp-content\/uploads\/2023\/06\/image-pochons--768x644.png 768w, https:\/\/osoindesoi.com\/wp-content\/uploads\/2023\/06\/image-pochons--72x60.png 72w\" sizes=\"auto, (max-width: 940px) 100vw, 940px\" \/><\/figure><\/div>\n\n\n<hr class=\"wp-block-separator has-alpha-channel-opacity\"\/>\n\n\n\n<p><\/p>\n\n\n\n<p><\/p>\n\n\n\n<p class=\"has-text-align-center\"><strong><mark style=\"background-color:rgba(0, 0, 0, 0)\" class=\"has-inline-color has-light-green-cyan-color\">MASSAGE AUX BOLS TIBETAIN<\/mark><\/strong><\/p>\n\n\n\n<p class=\"has-text-align-center\">Massage relaxant , assouplissant , amincissant , il permet de remettre en bon \u00e9quilibre chacune des parties du corps . Le son du bol \u00e9met une vibration qui permet une bonne circulation de l&rsquo;\u00e9nergie entre les chakras .          <\/p>\n\n\n\n<p class=\"has-text-align-center\">1h 50\u20ac\/ 1h15 60\u20ac \/ 1h30 70\u20ac \/ 2h 90\u20ac<\/p>\n\n\n\n<figure class=\"wp-block-gallery has-nested-images columns-default is-cropped wp-block-gallery-2 is-layout-flex wp-block-gallery-is-layout-flex\">\n<figure class=\"wp-block-image size-large\"><img loading=\"lazy\" decoding=\"async\" width=\"771\" height=\"1024\" data-id=\"1244\" src=\"https:\/\/osoindesoi.com\/wp-content\/uploads\/2023\/06\/IMG_20230517_150101-771x1024.jpg\" alt=\"\" class=\"wp-image-1244\" srcset=\"https:\/\/osoindesoi.com\/wp-content\/uploads\/2023\/06\/IMG_20230517_150101-771x1024.jpg 771w, https:\/\/osoindesoi.com\/wp-content\/uploads\/2023\/06\/IMG_20230517_150101-226x300.jpg 226w, https:\/\/osoindesoi.com\/wp-content\/uploads\/2023\/06\/IMG_20230517_150101-768x1020.jpg 768w, https:\/\/osoindesoi.com\/wp-content\/uploads\/2023\/06\/IMG_20230517_150101-1157x1536.jpg 1157w, https:\/\/osoindesoi.com\/wp-content\/uploads\/2023\/06\/IMG_20230517_150101-1542x2048.jpg 1542w, https:\/\/osoindesoi.com\/wp-content\/uploads\/2023\/06\/IMG_20230517_150101-45x60.jpg 45w, https:\/\/osoindesoi.com\/wp-content\/uploads\/2023\/06\/IMG_20230517_150101-scaled.jpg 1928w\" sizes=\"auto, (max-width: 771px) 100vw, 771px\" \/><\/figure>\n<\/figure>\n\n\n\n<hr class=\"wp-block-separator has-alpha-channel-opacity\"\/>\n\n\n\n<p class=\"has-text-align-center\">                                                                MASSAGE AFRICAIN<\/p>\n\n\n\n<p class=\"has-text-align-center\">Massage tonique et minceur qui stimule et r\u00e9chauffe le corps . Il lutte contre les douleurs musculaires et articulaires , il procure vitalit\u00e9 et \u00e9nergie . Il va \u00e9quilibrer les 4 \u00e9l\u00e9ments ( eau , terre , feu , air) . Gr\u00e2ce \u00e0 ses frictions , p\u00e9trissages , il va permettre de drainer , de raffermir la peau .<\/p>\n\n\n\n<p><\/p>\n\n\n\n<p>1h 50\u20ac \/ 1h15 60\u20ac \/ 1h30 70\u20ac \/ 2h 90\u20ac<\/p>\n\n\n<div class=\"wp-block-image\">\n<figure class=\"aligncenter size-full is-resized\"><img loading=\"lazy\" decoding=\"async\" width=\"940\" height=\"788\" src=\"https:\/\/osoindesoi.com\/wp-content\/uploads\/2023\/09\/Design-sans-titre-1.png\" alt=\"\" class=\"wp-image-1334\" style=\"width:451px;height:378px\" srcset=\"https:\/\/osoindesoi.com\/wp-content\/uploads\/2023\/09\/Design-sans-titre-1.png 940w, https:\/\/osoindesoi.com\/wp-content\/uploads\/2023\/09\/Design-sans-titre-1-300x251.png 300w, https:\/\/osoindesoi.com\/wp-content\/uploads\/2023\/09\/Design-sans-titre-1-768x644.png 768w, https:\/\/osoindesoi.com\/wp-content\/uploads\/2023\/09\/Design-sans-titre-1-72x60.png 72w\" sizes=\"auto, (max-width: 940px) 100vw, 940px\" \/><\/figure><\/div>\n\n\n<p><\/p>\n\n\n\n<hr class=\"wp-block-separator has-alpha-channel-opacity\"\/>\n\n\n\n<p><\/p>\n\n\n\n<p class=\"has-text-align-center\"><mark style=\"background-color:rgba(0, 0, 0, 0)\" class=\"has-inline-color has-light-green-cyan-color\"><strong>MASSAGE LOMI LOMI<\/strong> <\/mark><\/p>\n\n\n\n<p>Massage Hawa\u00efen pratiqu\u00e9 avec les avants-bras . Massage qui invite au voyage o\u00f9 le corps est berc\u00e9 , port\u00e9 reproduisant les vagues de l&rsquo;oc\u00e9an pacifique . Id\u00e9al pour les personnes ayant besoin de s&rsquo;\u00e9vader. <\/p>\n\n\n\n<p class=\"has-text-align-center\">1h 50\u20ac \/ 1h15 60\u20ac<\/p>\n\n\n\n<hr class=\"wp-block-separator has-alpha-channel-opacity\"\/>\n\n\n\n<p><\/p>\n\n\n\n<p><\/p>\n\n\n\n<p class=\"has-text-align-center\"><strong><mark style=\"background-color:rgba(0, 0, 0, 0)\" class=\"has-inline-color has-light-green-cyan-color\">SOIN HARMONIE DES PIEDS<\/mark><\/strong><\/p>\n\n\n\n<p class=\"has-text-align-center\">Massage des pieds et jambes avec stimulation des points r\u00e9flexes (r\u00e9flexologie) . Permet de r\u00e9guler l&rsquo;organisme , de relancer les fonctions du corps . Am\u00e9liore la circulation ,apporte l\u00e9g\u00e8ret\u00e9 aux jambes 1h 50\u20ac<\/p>\n\n\n<div class=\"wp-block-image\">\n<figure class=\"aligncenter size-full is-resized\"><img loading=\"lazy\" decoding=\"async\" width=\"940\" height=\"788\" src=\"https:\/\/osoindesoi.com\/wp-content\/uploads\/2023\/06\/soin-harmonie-des-pieds-2.png\" alt=\"\" class=\"wp-image-1268\" style=\"width:363px;height:304px\" srcset=\"https:\/\/osoindesoi.com\/wp-content\/uploads\/2023\/06\/soin-harmonie-des-pieds-2.png 940w, https:\/\/osoindesoi.com\/wp-content\/uploads\/2023\/06\/soin-harmonie-des-pieds-2-300x251.png 300w, https:\/\/osoindesoi.com\/wp-content\/uploads\/2023\/06\/soin-harmonie-des-pieds-2-768x644.png 768w, https:\/\/osoindesoi.com\/wp-content\/uploads\/2023\/06\/soin-harmonie-des-pieds-2-72x60.png 72w\" sizes=\"auto, (max-width: 940px) 100vw, 940px\" \/><\/figure><\/div>\n\n\n<hr class=\"wp-block-separator has-alpha-channel-opacity\"\/>\n\n\n\n<p><\/p>\n\n\n\n<p><\/p>\n\n\n\n<p><\/p>\n\n\n\n<p class=\"has-text-align-center\"><strong><mark style=\"background-color:rgba(0, 0, 0, 0)\" class=\"has-inline-color has-light-green-cyan-color\">MASSAGE DEEP VEDIC DOS<\/mark> <\/strong><\/p>\n\n\n\n<p>Massage sp\u00e9cifique dos , permet de soulager les tensions musculaires , travaille sur tout le dos de la nuque aux muscles fessiers. <\/p>\n\n\n\n<p class=\"has-text-align-center\">30 mn 32\u20ac<\/p>\n\n\n<div class=\"wp-block-image\">\n<figure class=\"aligncenter size-large is-resized\"><img loading=\"lazy\" decoding=\"async\" width=\"724\" height=\"1024\" src=\"https:\/\/osoindesoi.com\/wp-content\/uploads\/2023\/06\/Massage-Deep-Vedic-Dos-1-1-724x1024.png\" alt=\"\" class=\"wp-image-1270\" style=\"width:267px;height:378px\" srcset=\"https:\/\/osoindesoi.com\/wp-content\/uploads\/2023\/06\/Massage-Deep-Vedic-Dos-1-1-724x1024.png 724w, https:\/\/osoindesoi.com\/wp-content\/uploads\/2023\/06\/Massage-Deep-Vedic-Dos-1-1-212x300.png 212w, https:\/\/osoindesoi.com\/wp-content\/uploads\/2023\/06\/Massage-Deep-Vedic-Dos-1-1-768x1086.png 768w, https:\/\/osoindesoi.com\/wp-content\/uploads\/2023\/06\/Massage-Deep-Vedic-Dos-1-1-1086x1536.png 1086w, https:\/\/osoindesoi.com\/wp-content\/uploads\/2023\/06\/Massage-Deep-Vedic-Dos-1-1-1448x2048.png 1448w, https:\/\/osoindesoi.com\/wp-content\/uploads\/2023\/06\/Massage-Deep-Vedic-Dos-1-1-42x60.png 42w, https:\/\/osoindesoi.com\/wp-content\/uploads\/2023\/06\/Massage-Deep-Vedic-Dos-1-1.png 1655w\" sizes=\"auto, (max-width: 724px) 100vw, 724px\" \/><\/figure><\/div>\n\n\n<hr class=\"wp-block-separator has-alpha-channel-opacity\"\/>\n\n\n\n<p><\/p>\n\n\n\n<p><\/p>\n\n\n\n<p><\/p>\n\n\n\n<p class=\"has-text-align-center\"><mark style=\"background-color:rgba(0, 0, 0, 0)\" class=\"has-inline-color has-light-green-cyan-color\"><strong>MASSAGE DU VENTRE MAYA<\/strong> <\/mark><\/p>\n\n\n\n<p>Massage sp\u00e9cifique du ventre , permet de travailler sur le plan digestif , \u00e9motionnel , hormonal et gyn\u00e9cologique. Id\u00e9al pour les personnes qui souffrent de ballonnements etc&#8230;;de cycles douloureux ou str\u00e9ss\u00e9es  .                                                          <\/p>\n\n\n\n<p class=\"has-text-align-center\">40mn 37\u20ac<\/p>\n\n\n<div class=\"wp-block-image\">\n<figure class=\"aligncenter size-full is-resized\"><img loading=\"lazy\" decoding=\"async\" width=\"940\" height=\"788\" src=\"https:\/\/osoindesoi.com\/wp-content\/uploads\/2023\/06\/Massage-du-ventre-Maya-Gestion-Des-Emotions.png\" alt=\"\" class=\"wp-image-1271\" style=\"width:318px;height:267px\" srcset=\"https:\/\/osoindesoi.com\/wp-content\/uploads\/2023\/06\/Massage-du-ventre-Maya-Gestion-Des-Emotions.png 940w, https:\/\/osoindesoi.com\/wp-content\/uploads\/2023\/06\/Massage-du-ventre-Maya-Gestion-Des-Emotions-300x251.png 300w, https:\/\/osoindesoi.com\/wp-content\/uploads\/2023\/06\/Massage-du-ventre-Maya-Gestion-Des-Emotions-768x644.png 768w, https:\/\/osoindesoi.com\/wp-content\/uploads\/2023\/06\/Massage-du-ventre-Maya-Gestion-Des-Emotions-72x60.png 72w\" sizes=\"auto, (max-width: 940px) 100vw, 940px\" \/><\/figure><\/div>\n\n\n<hr class=\"wp-block-separator has-alpha-channel-opacity\"\/>\n\n\n\n<p><\/p>\n\n\n\n<p class=\"has-text-align-center\"><strong><mark style=\"background-color:rgba(0, 0, 0, 0)\" class=\"has-inline-color has-light-green-cyan-color\">MASSAGE MICRO-CR\u00c2NIEN<\/mark><\/strong><\/p>\n\n\n\n<p>Massage du cr\u00e2ne qui permet de lib\u00e9rer les tensions . Permet de travailler sur les migraines , n\u00e9vralgies d&rsquo;Arnold etc&#8230;.. Redonne de la fluidit\u00e9 pour permettre un mieux -\u00eatre \u00e0 l&rsquo;ensemble de l&rsquo;organisme.<\/p>\n\n\n\n<p class=\"has-text-align-center\">30mn 32\u20ac<\/p>\n\n\n<div class=\"wp-block-image\">\n<figure class=\"aligncenter size-full is-resized\"><img loading=\"lazy\" decoding=\"async\" width=\"940\" height=\"788\" src=\"https:\/\/osoindesoi.com\/wp-content\/uploads\/2023\/06\/Sans-titre-8.png\" alt=\"\" class=\"wp-image-1249\" style=\"width:350px;height:293px\" srcset=\"https:\/\/osoindesoi.com\/wp-content\/uploads\/2023\/06\/Sans-titre-8.png 940w, https:\/\/osoindesoi.com\/wp-content\/uploads\/2023\/06\/Sans-titre-8-300x251.png 300w, https:\/\/osoindesoi.com\/wp-content\/uploads\/2023\/06\/Sans-titre-8-768x644.png 768w, https:\/\/osoindesoi.com\/wp-content\/uploads\/2023\/06\/Sans-titre-8-72x60.png 72w\" sizes=\"auto, (max-width: 940px) 100vw, 940px\" \/><\/figure><\/div>\n\n\n<hr class=\"wp-block-separator has-alpha-channel-opacity\"\/>\n\n\n\n<p><\/p>\n\n\n\n<p><\/p>\n\n\n\n<p><\/p>\n\n\n\n<p class=\"has-text-align-center\"><strong><mark style=\"background-color:rgba(0, 0, 0, 0)\" class=\"has-inline-color has-light-green-cyan-color\">Parenth\u00e8ses Bien-\u00catre <\/mark><\/strong><\/p>\n\n\n\n<p class=\"has-text-align-center\">Gommage corps + massage au choix 1h30 70\u20ac<\/p>\n\n\n\n<p class=\"has-text-align-center\">Gommage corps + massage corps + visage 2h 90\u20ac<\/p>\n\n\n\n<p class=\"has-text-align-center\">Massage corps et visage 1h30 70\u00ee\u20ac<\/p>\n\n\n\n<p class=\"has-text-align-center\">Gommage corps                                                    30mn     25\u20ac<\/p>\n\n\n\n<p class=\"has-text-align-center\"><\/p>\n\n\n<div class=\"wp-block-image\">\n<figure class=\"aligncenter size-full is-resized\"><img loading=\"lazy\" decoding=\"async\" width=\"940\" height=\"788\" src=\"https:\/\/osoindesoi.com\/wp-content\/uploads\/2023\/06\/Sans-titre-17.png\" alt=\"\" class=\"wp-image-1238\" style=\"width:382px;height:321px\" srcset=\"https:\/\/osoindesoi.com\/wp-content\/uploads\/2023\/06\/Sans-titre-17.png 940w, https:\/\/osoindesoi.com\/wp-content\/uploads\/2023\/06\/Sans-titre-17-300x251.png 300w, https:\/\/osoindesoi.com\/wp-content\/uploads\/2023\/06\/Sans-titre-17-768x644.png 768w, https:\/\/osoindesoi.com\/wp-content\/uploads\/2023\/06\/Sans-titre-17-72x60.png 72w\" sizes=\"auto, (max-width: 940px) 100vw, 940px\" \/><\/figure><\/div>\n\n\n<hr class=\"wp-block-separator has-alpha-channel-opacity\"\/>\n\n\n\n<p><\/p>\n\n\n\n<p><\/p>\n\n\n\n<p class=\"has-text-align-center\">Possibilit\u00e9 de personnaliser la dur\u00e9e des massages  pour vos r\u00e9unions de groupe ( enterrement de vie de jeune fille , anniversaires etc&#8230;..) <\/p>\n\n\n\n<p><\/p>\n\n\n\n<p><\/p>\n\n\n<div class=\"wp-block-image\">\n<figure class=\"aligncenter size-full is-resized\"><img loading=\"lazy\" decoding=\"async\" width=\"940\" height=\"788\" src=\"https:\/\/osoindesoi.com\/wp-content\/uploads\/2023\/06\/Sans-titre-18.png\" alt=\"\" class=\"wp-image-1237\" style=\"width:402px;height:337px\" srcset=\"https:\/\/osoindesoi.com\/wp-content\/uploads\/2023\/06\/Sans-titre-18.png 940w, https:\/\/osoindesoi.com\/wp-content\/uploads\/2023\/06\/Sans-titre-18-300x251.png 300w, https:\/\/osoindesoi.com\/wp-content\/uploads\/2023\/06\/Sans-titre-18-768x644.png 768w, https:\/\/osoindesoi.com\/wp-content\/uploads\/2023\/06\/Sans-titre-18-72x60.png 72w\" sizes=\"auto, (max-width: 940px) 100vw, 940px\" \/><\/figure><\/div>\n\n\n<hr class=\"wp-block-separator has-alpha-channel-opacity\"\/>\n\n\n\n<p class=\"has-text-align-center has-light-green-cyan-color has-text-color has-link-color wp-elements-8c6677c818460b0d86cd8f7b38d44f9a\"><strong>SHIROTCHAMPI<\/strong><\/p>\n\n\n\n<p class=\"has-text-align-center\">Le massage Shirotchampi est un massage issue de l&rsquo;Ayurv\u00e9da : shirot (t\u00eate) et shampi (massage) de la t\u00eate ainsi que de la nuque et des \u00e9paules . Il favorise l&rsquo;harmonisation des cerveaux droit et gauche. Tr\u00e8s d\u00e9contractant, il lutte contre les insomnies, r\u00e9duit les migraines et am\u00e9liore les probl\u00e8mes de troubles de la vue li\u00e9s \u00e0 la fatigue oculaire. Il \u00e9claircit les id\u00e9es, am\u00e9liore la qualit\u00e9 du travail intellectuel, en favorisant la concentration. Massage \u00e0 base d\u2019huile de s\u00e9same.<\/p>\n\n\n\n<p class=\"has-text-align-center\">50 MN : 42\u20ac<\/p>\n\n\n<div class=\"wp-block-image\">\n<figure class=\"aligncenter size-full is-resized\"><img loading=\"lazy\" decoding=\"async\" width=\"768\" height=\"444\" src=\"https:\/\/osoindesoi.com\/wp-content\/uploads\/2025\/03\/photo-shirotchampi.jpeg\" alt=\"\" class=\"wp-image-1457\" style=\"width:548px;height:auto\" srcset=\"https:\/\/osoindesoi.com\/wp-content\/uploads\/2025\/03\/photo-shirotchampi.jpeg 768w, https:\/\/osoindesoi.com\/wp-content\/uploads\/2025\/03\/photo-shirotchampi-300x173.jpeg 300w, https:\/\/osoindesoi.com\/wp-content\/uploads\/2025\/03\/photo-shirotchampi-330x190.jpeg 330w\" sizes=\"auto, (max-width: 768px) 100vw, 768px\" \/><\/figure><\/div>\n\n\n<hr class=\"wp-block-separator has-alpha-channel-opacity\"\/>\n\n\n\n<p class=\"has-text-align-center\"><mark style=\"background-color:rgba(0, 0, 0, 0)\" class=\"has-inline-color has-light-green-cyan-color\"><strong>SHIRODHARA<\/strong><\/mark><\/p>\n\n\n\n<p class=\"has-text-align-center\">Shirodhara vient de deux mots sanskrit: Shiro (front) et Dhara (flux). <\/p>\n\n\n\n<p class=\"has-text-align-center\">Originaire d\u2019Inde, le Massage Royal Shirodhara est un soin tr\u00e8s puissant et unique en<br>son genre. C\u2019est un Joyau de l\u2019Ayurv\u00e9da.<br>On dit qu\u2019il est le traitement du Troisi\u00e8me Oeil du Seigneur Shiva.<\/p>\n\n\n\n<p class=\"has-text-align-center\">Le Shirodhara est un soin dans lequel on fait couler lentement une huile chaude<br>sur le front .<\/p>\n\n\n\n<p class=\"has-text-align-center\">Il purifie, r\u00e9g\u00e9n\u00e8re et stimule l\u2019\u00e9limination les toxines. Cela permet d\u2019agir sur les<br> yeux, des oreilles, de la t\u00eate et du cuir chevelu (cheveux).<br>Il agit de fa\u00e7on spectaculaire et en profondeur sur le stress, l\u2019anxi\u00e9t\u00e9, les insomnies, les<br>difficult\u00e9s de concentration, l\u2019\u00e9puisement mental en restaurant la force et l\u2019\u00e9quilibre du<br>syst\u00e8me nerveux. Il procure un profond apaisement d\u2019une fa\u00e7on toute douce et non intrusive.<\/p>\n\n\n\n<p class=\"has-text-align-center\">Soin seul 45mn : 50\u20ac<\/p>\n\n\n\n<p class=\"has-text-align-center\">Soin + Shirotchampi 1h15 : 70\u20ac<\/p>\n\n\n\n<p class=\"has-text-align-center\">Soin + massage ayurv\u00e9dique Abhyanga 1h30 : 80\u20ac<\/p>\n\n\n\n<p class=\"has-text-align-center\">Soin + massage corps et visage 2h : 100\u20ac<\/p>\n\n\n\n\n<div class=\"wp-block-image\">\n<figure class=\"aligncenter size-full is-resized\"><img loading=\"lazy\" decoding=\"async\" width=\"604\" height=\"511\" src=\"https:\/\/osoindesoi.com\/wp-content\/uploads\/2025\/06\/photo-shirodhara.png\" alt=\"\" class=\"wp-image-1477\" style=\"width:630px;height:auto\" srcset=\"https:\/\/osoindesoi.com\/wp-content\/uploads\/2025\/06\/photo-shirodhara.png 604w, https:\/\/osoindesoi.com\/wp-content\/uploads\/2025\/06\/photo-shirodhara-300x254.png 300w\" sizes=\"auto, (max-width: 604px) 100vw, 604px\" \/><\/figure><\/div>\n\n\n<p><\/p>\n","protected":false},"excerpt":{"rendered":"<p>Tous les massages d\u00e9buteront par un \u00e9change afin de personnaliser au mieux le soin . Vous serez ensuite install\u00e9(e) sur une table chauff\u00e9e accompagn\u00e9e d&rsquo;une musique douce . Les huiles sont chauff\u00e9es pour plus de confort et sont naturelles pour convenir au plus grand nombre. Un temps de repos apr\u00e8s la s\u00e9ance vous permettra de reprendre tranquillement vos esprits. Les tarifs indiqu\u00e9s sont pour le salon \u00e0 Fervaques ; pour le domicile des frais kilom\u00e9triques seront appliqu\u00e9s , n&rsquo;h\u00e9sitez pas \u00e0 me consulter . MASSAGE DES 5 CONTINENTS 1h15 70\u20ac Massage regroupant diff\u00e9rentes m\u00e9thodes de massages du monde ( lomi &hellip; <\/p>\n","protected":false},"author":1,"featured_media":9,"parent":0,"menu_order":0,"comment_status":"closed","ping_status":"closed","template":"","meta":{"footnotes":""},"class_list":["post-1149","page","type-page","status-publish","has-post-thumbnail","hentry"],"_links":{"self":[{"href":"https:\/\/osoindesoi.com\/index.php\/wp-json\/wp\/v2\/pages\/1149","targetHints":{"allow":["GET"]}}],"collection":[{"href":"https:\/\/osoindesoi.com\/index.php\/wp-json\/wp\/v2\/pages"}],"about":[{"href":"https:\/\/osoindesoi.com\/index.php\/wp-json\/wp\/v2\/types\/page"}],"author":[{"embeddable":true,"href":"https:\/\/osoindesoi.com\/index.php\/wp-json\/wp\/v2\/users\/1"}],"replies":[{"embeddable":true,"href":"https:\/\/osoindesoi.com\/index.php\/wp-json\/wp\/v2\/comments?post=1149"}],"version-history":[{"count":33,"href":"https:\/\/osoindesoi.com\/index.php\/wp-json\/wp\/v2\/pages\/1149\/revisions"}],"predecessor-version":[{"id":1495,"href":"https:\/\/osoindesoi.com\/index.php\/wp-json\/wp\/v2\/pages\/1149\/revisions\/1495"}],"wp:featuredmedia":[{"embeddable":true,"href":"https:\/\/osoindesoi.com\/index.php\/wp-json\/"}],"wp:attachment":[{"href":"https:\/\/osoindesoi.com\/index.php\/wp-json\/wp\/v2\/media?parent=1149"}],"curies":[{"name":"wp","href":"https:\/\/api.w.org\/{rel}","templated":true}]}}